{"id":785,"date":"2021-07-05T14:58:54","date_gmt":"2021-07-05T14:58:54","guid":{"rendered":"https:\/\/santacatalinamartir.archimadrid.es\/?page_id=785"},"modified":"2021-07-15T17:38:28","modified_gmt":"2021-07-15T17:38:28","slug":"cofradias-y-asociaciones","status":"publish","type":"page","link":"https:\/\/santacatalinamartir.archimadrid.es\/?page_id=785","title":{"rendered":"Cofrad\u00edas y asociaciones"},"content":{"rendered":"\n<hr class=\"wp-block-separator\"\/>\n\n\n\n<h6 class=\"alignfull has-text-align-center wp-block-heading\"><span style=\"color:#a30004\" class=\"has-inline-color\">Hermandad de Nuestra Se\u00f1ora Del Rosario<\/span><\/h6>\n\n\n\n<figure class=\"wp-block-image size-large\"><img fetchpriority=\"high\" decoding=\"async\" width=\"945\" height=\"709\" src=\"https:\/\/santacatalinamartir.archimadrid.es\/wp-content\/uploads\/2021\/07\/Hermandad-del-Ntra.-Sra.-Del-Rosario..png\" alt=\"\" class=\"wp-image-786\" srcset=\"https:\/\/santacatalinamartir.archimadrid.es\/wp-content\/uploads\/2021\/07\/Hermandad-del-Ntra.-Sra.-Del-Rosario..png 945w, https:\/\/santacatalinamartir.archimadrid.es\/wp-content\/uploads\/2021\/07\/Hermandad-del-Ntra.-Sra.-Del-Rosario.-300x225.png 300w, https:\/\/santacatalinamartir.archimadrid.es\/wp-content\/uploads\/2021\/07\/Hermandad-del-Ntra.-Sra.-Del-Rosario.-768x576.png 768w\" sizes=\"(max-width: 945px) 100vw, 945px\" \/><\/figure>\n\n\n\n<p>En el a\u00f1o 1569, el papa San P\u00edo V, extendi\u00f3 el rezo del rosario a toda la Iglesia instituyendo la fiesta de Nuestra Se\u00f1ora de la Victoria, despu\u00e9s fiesta de la Virgen del Rosario, a la que los majariegos se sumaron.  <\/p>\n\n\n\n<p>Antes de que finalizara el siglo constituyeron  una cofrad\u00eda que nos ha llegado a nuestros d\u00edas con el nombre de <strong>Hermandad de Nuestra Se\u00f1ora del Rosario <\/strong>(popularmente conocida por <em>las viejas<\/em>). <\/p>\n\n\n\n<p>Celebran su fiesta el 7 de octubre.<\/p>\n\n\n\n<hr class=\"wp-block-separator\"\/>\n\n\n\n<h6 class=\"has-text-align-center wp-block-heading\"><span style=\"color:#a3000c\" class=\"has-inline-color\">Hermandad del Sant\u00edsimo Cristo de los Remedios y Virgen de la Soledad<\/span><\/h6>\n\n\n\n<div class=\"wp-block-cover has-background-dim-10 has-background-dim\"><img decoding=\"async\" width=\"472\" height=\"709\" class=\"wp-block-cover__image-background wp-image-787\" alt=\"\" src=\"https:\/\/santacatalinamartir.archimadrid.es\/wp-content\/uploads\/2021\/07\/Hermandad-del-Santisimo-Cristo-de-los-Remedios.png\" style=\"object-position:52% 59%\" data-object-fit=\"cover\" data-object-position=\"52% 59%\" srcset=\"https:\/\/santacatalinamartir.archimadrid.es\/wp-content\/uploads\/2021\/07\/Hermandad-del-Santisimo-Cristo-de-los-Remedios.png 472w, https:\/\/santacatalinamartir.archimadrid.es\/wp-content\/uploads\/2021\/07\/Hermandad-del-Santisimo-Cristo-de-los-Remedios-200x300.png 200w\" sizes=\"(max-width: 472px) 100vw, 472px\" \/><div class=\"wp-block-cover__inner-container is-layout-flow wp-block-cover-is-layout-flow\">\n<p><\/p>\n\n\n\n<div class=\"wp-block-buttons is-content-justification-center is-layout-flex wp-block-buttons-is-layout-flex\">\n<div class=\"wp-block-button\"><a class=\"wp-block-button__link\" href=\"https:\/\/es-es.facebook.com\/cristoremedios\/\">Facebook<\/a><\/div>\n<\/div>\n<\/div><\/div>\n\n\n\n<p>En el siglo XVII se constituye la cofrad\u00eda del <strong>Sant\u00edsimo Cristo de los Remedios<\/strong>, en agradecimiento a los grandes favores recibidos del Sant\u00edsimo Cristo.<\/p>\n\n\n\n<p> Los labradores solicitaban permiso para vender las hojas de las vi\u00f1as a beneficio de su culto y en la primera mitad del siglo se construye una ermita en su honor (que se mantiene en el mismo lugar en la actualidad).<\/p>\n\n\n\n<p> La cofrad\u00eda se ha convertido en hermandad, en nuestros d\u00edas con el nombre de <strong>Hermandad del Sant\u00edsimo Cristo de los Remedios y Virgen de la Soledad<\/strong>. Sus estatutos se tomaron de los del siglo XVII y se adaptaron al nuevo c\u00f3digo de derecho can\u00f3nico a finales del siglo XX.<\/p>\n\n\n\n<p><strong>Majadahonda<\/strong> celebra el 14 de septiembre el d\u00eda de homenaje a su patr\u00f3n, el Sant\u00edsimo <strong>Cristo de los Remedios<\/strong>.<\/p>\n\n\n\n<hr class=\"wp-block-separator\"\/>\n\n\n\n<h6 class=\"has-text-align-center wp-block-heading\"><span style=\"color:#a3000c\" class=\"has-inline-color\">Asociaci\u00f3n de Mar\u00eda Auxiliadora<\/span><\/h6>\n\n\n\n<div class=\"wp-block-image\"><figure class=\"aligncenter size-large\"><img decoding=\"async\" width=\"1024\" height=\"682\" src=\"https:\/\/santacatalinamartir.archimadrid.es\/wp-content\/uploads\/2021\/07\/Asociacion-de-Maria-Auxiliadora-1024x682.png\" alt=\"\" class=\"wp-image-788\" srcset=\"https:\/\/santacatalinamartir.archimadrid.es\/wp-content\/uploads\/2021\/07\/Asociacion-de-Maria-Auxiliadora-1024x682.png 1024w, https:\/\/santacatalinamartir.archimadrid.es\/wp-content\/uploads\/2021\/07\/Asociacion-de-Maria-Auxiliadora-300x200.png 300w, https:\/\/santacatalinamartir.archimadrid.es\/wp-content\/uploads\/2021\/07\/Asociacion-de-Maria-Auxiliadora-768x512.png 768w, https:\/\/santacatalinamartir.archimadrid.es\/wp-content\/uploads\/2021\/07\/Asociacion-de-Maria-Auxiliadora.png 1064w\" sizes=\"(max-width: 1024px) 100vw, 1024px\" \/><\/figure><\/div>\n\n\n\n<p>La persona que m\u00e1s tendr\u00eda que ver con la popularizaci\u00f3n de la invocaci\u00f3n de Mar\u00eda como <em>Auxilio de los cristianos<\/em> ser\u00eda el santo educador de Tur\u00edn, San Juan Bosco, quien ve\u00eda el florecimiento de sus acciones apost\u00f3licas y educativas entre los j\u00f3venes como obra de la Virgen Mar\u00eda. <\/p>\n\n\n\n<p>Don Bosco comenzar\u00eda a referirse a la Virgen con el nombre de <em>Mar\u00eda Auxiliadora<\/em> a partir de 1860, a\u00f1o en el que relata que \u00e9sta le manifest\u00f3 su deseo de ser honrada bajo dicho t\u00edtulo y su voluntad de que se le construyera un templo.<\/p>\n\n\n\n<p>Todos los 24 de mayo, <strong>los cat\u00f3licos del mundo<\/strong>, celebran la fiesta de la Virgen en su advocaci\u00f3n de <strong>Mar\u00eda Auxiliadora<\/strong>.<\/p>\n","protected":false},"excerpt":{"rendered":"<p>Hermandad de Nuestra Se\u00f1ora Del Rosario En el a\u00f1o 1569, el papa San P\u00edo V, extendi\u00f3 el rezo del rosario [&hellip;]<\/p>\n","protected":false},"author":2,"featured_media":0,"parent":0,"menu_order":0,"comment_status":"closed","ping_status":"closed","template":"","meta":{"site-sidebar-layout":"default","site-content-layout":"","ast-site-content-layout":"","site-content-style":"default","site-sidebar-style":"default","ast-global-header-display":"","ast-banner-title-visibility":"","ast-main-header-display":"","ast-hfb-above-header-display":"","ast-hfb-below-header-display":"","ast-hfb-mobile-header-display":"","site-post-title":"","ast-breadcrumbs-content":"","ast-featured-img":"","footer-sml-layout":"","theme-transparent-header-meta":"","adv-header-id-meta":"","stick-header-meta":"","header-above-stick-meta":"","header-main-stick-meta":"","header-below-stick-meta":"","astra-migrate-meta-layouts":"default","ast-page-background-enabled":"default","ast-page-background-meta":{"desktop":{"background-color":"var(--ast-global-color-4)","background-image":"","background-repeat":"repeat","background-position":"center center","background-size":"auto","background-attachment":"scroll","background-type":"","background-media":"","overlay-type":"","overlay-color":"","overlay-gradient":""},"tablet":{"background-color":"","background-image":"","background-repeat":"repeat","background-position":"center center","background-size":"auto","background-attachment":"scroll","background-type":"","background-media":"","overlay-type":"","overlay-color":"","overlay-gradient":""},"mobile":{"background-color":"","background-image":"","background-repeat":"repeat","background-position":"center center","background-size":"auto","background-attachment":"scroll","background-type":"","background-media":"","overlay-type":"","overlay-color":"","overlay-gradient":""}},"ast-content-background-meta":{"desktop":{"background-color":"var(--ast-global-color-5)","background-image":"","background-repeat":"repeat","background-position":"center center","background-size":"auto","background-attachment":"scroll","background-type":"","background-media":"","overlay-type":"","overlay-color":"","overlay-gradient":""},"tablet":{"background-color":"var(--ast-global-color-5)","background-image":"","background-repeat":"repeat","background-position":"center center","background-size":"auto","background-attachment":"scroll","background-type":"","background-media":"","overlay-type":"","overlay-color":"","overlay-gradient":""},"mobile":{"background-color":"var(--ast-global-color-5)","background-image":"","background-repeat":"repeat","background-position":"center center","background-size":"auto","background-attachment":"scroll","background-type":"","background-media":"","overlay-type":"","overlay-color":"","overlay-gradient":""}},"footnotes":""},"class_list":["post-785","page","type-page","status-publish","hentry"],"jetpack_sharing_enabled":true,"_links":{"self":[{"href":"https:\/\/santacatalinamartir.archimadrid.es\/index.php?rest_route=\/wp\/v2\/pages\/785","targetHints":{"allow":["GET"]}}],"collection":[{"href":"https:\/\/santacatalinamartir.archimadrid.es\/index.php?rest_route=\/wp\/v2\/pages"}],"about":[{"href":"https:\/\/santacatalinamartir.archimadrid.es\/index.php?rest_route=\/wp\/v2\/types\/page"}],"author":[{"embeddable":true,"href":"https:\/\/santacatalinamartir.archimadrid.es\/index.php?rest_route=\/wp\/v2\/users\/2"}],"replies":[{"embeddable":true,"href":"https:\/\/santacatalinamartir.archimadrid.es\/index.php?rest_route=%2Fwp%2Fv2%2Fcomments&post=785"}],"version-history":[{"count":18,"href":"https:\/\/santacatalinamartir.archimadrid.es\/index.php?rest_route=\/wp\/v2\/pages\/785\/revisions"}],"predecessor-version":[{"id":949,"href":"https:\/\/santacatalinamartir.archimadrid.es\/index.php?rest_route=\/wp\/v2\/pages\/785\/revisions\/949"}],"wp:attachment":[{"href":"https:\/\/santacatalinamartir.archimadrid.es\/index.php?rest_route=%2Fwp%2Fv2%2Fmedia&parent=785"}],"curies":[{"name":"wp","href":"https:\/\/api.w.org\/{rel}","templated":true}]}}